{"id":9866,"date":"2020-03-23T15:01:10","date_gmt":"2020-03-23T14:01:10","guid":{"rendered":"https:\/\/geroba.be\/privacybeleid\/"},"modified":"2023-04-13T10:19:19","modified_gmt":"2023-04-13T08:19:19","slug":"privacybeleid","status":"publish","type":"page","link":"https:\/\/geroba.be\/fr\/privacybeleid\/","title":{"rendered":"Politique de confidentialit\u00e9"},"content":{"rendered":"<h2>1. Introduction<\/h2>\n<p>Afin de pouvoir offrir notre prestation de services, nous sommes oblig\u00e9s de traiter certaines de vos donn\u00e9es personnelles. Nous nous engageons \u00e0 effectuer ce traitement en accord avec toutes les l\u00e9gislations de confidentialit\u00e9 pertinentes et applicables, avec compr\u00e9hension du R\u00e8glement G\u00e9n\u00e9ral sur la Protection des Donn\u00e9es. Dans cette d\u00e9claration de confidentialit\u00e9, vous trouvez des explications suppl\u00e9mentaires au sujet de ce traitement.<\/p>\n<h2>2. Responsable du traitement des donn\u00e9es personnelles.<\/h2>\n<p>Le responsable du traitement des donn\u00e9es personnelles est l&#8217;entreprise <strong>Geroba BV<\/strong>, avec si\u00e8ge social \u00e0 <strong><span class=\"contact-item-value\">Wijnegemsteenweg 27, 2160 Wommelgem<\/span><\/strong>, avec num\u00e9ro d&#8217;entreprise <strong><span class=\"contact-item-value\">BE 0645.669.414<\/span><\/strong>.<\/p>\n<p>Pour toutes questions au sujet de la protection de donn\u00e9es personnelles, vous \u00eates toujours \u00e0 la bonne adresse \u00e0 l&#8217;adresse mail suivante: <strong><a href=\"mailto:info@geroba.be\">info@geroba.be<\/a><\/strong>.<\/p>\n<h2>3. Quelles donn\u00e9es personnelles sont trait\u00e9es?<\/h2>\n<p>Nous traitons les donn\u00e9es personnelles suivantes:<\/p>\n<ul>\n<li><strong>Pr\u00e9nom et nom de famille<br \/>\n<\/strong><\/li>\n<li><strong>T\u00e9l\u00e9phone<\/strong><\/li>\n<li><strong>Nom de soci\u00e9t\u00e9<br \/>\n<\/strong><\/li>\n<li><strong>Adresse et code postal<br \/>\n<\/strong><\/li>\n<li><strong>E-mail<\/strong><\/li>\n<li><strong>Message<\/strong><\/li>\n<\/ul>\n<h2>4. Base juridique et objectifs du traitement des donn\u00e9es personnelles.<\/h2>\n<h3>4.1 G\u00e9n\u00e9ral<\/h3>\n<p>Nous traitons ces donn\u00e9es personnelles sur base de notre collaboration dans le cadre de la prestation de services, afin de pouvoir respecter les obligations juridiques et afin de promouvoir nos int\u00e9r\u00eats l\u00e9gitimes.<\/p>\n<p>Le traitement de vos donn\u00e9es personnelles a comme seul objectif de pouvoir offrir notre prestation de services. Sans ce traitement, il est impossible de faire appel \u00e0 notre prestation de services.<\/p>\n<h3>4.2 Bulletins d&#8217;informations<\/h3>\n<p>De plus, vous nous donnez la permission de traiter vos donn\u00e9es personnelles pour envoyer des bulletins d&#8217;informations avec de l&#8217;information au sujet de notre propre prestation de services, ainsi qu&#8217;au sujet des services des prestataires de services qui font appel \u00e0 notre prestation de services.<\/p>\n<p>Vous avez \u00e0 tout moment le droit de retirer cette permission, suite auquel vous ne recevrez plus de bulletins d&#8217;informations.<\/p>\n<h3>4.3 Cookies<\/h3>\n<p>Notre site web utilise des cookies et des technologies similaires pour diff\u00e9rencier Vos pr\u00e9f\u00e9rences d&#8217;utilisation de celles des autres utilisateurs. Ceci nous aide \u00e0 offrir une meilleure exp\u00e9rience d&#8217;utilisation lorsque vous visitez notre site web et nous permet \u00e9galement d&#8217;optimaliser le site web.<\/p>\n<p>Vous trouvez ci-apr\u00e8s le nom, l&#8217;objectif et la dur\u00e9e de validit\u00e9 des cookies que notre site web utilise:<\/p>\n<h4>Cookies fonctionnels:<\/h4>\n<table>\n<tbody>\n<tr>\n<td><strong>Nom<\/strong><\/td>\n<td><strong>Domaine<\/strong><\/td>\n<td><strong>Contenu et Objectif<\/strong><\/td>\n<td><strong>Validit\u00e9<\/strong><\/td>\n<\/tr>\n<tr>\n<td>woocommerce_cart_hash<\/td>\n<td>.geroba<\/td>\n<td>Webshop winkelmand cookie<\/td>\n<td>Session<\/td>\n<\/tr>\n<tr>\n<td>woocommerce_items_in_cart<\/td>\n<td>.geroba<\/td>\n<td>Webshop winkelmand cookie<\/td>\n<td>Session<\/td>\n<\/tr>\n<tr>\n<td>wp_woocommerce_session_*<\/td>\n<td>.geroba<\/td>\n<td>WordPress \/ Woocommerce sessie cookie<\/td>\n<td>48 heures<\/td>\n<\/tr>\n<tr>\n<td>PREF<\/td>\n<td>.geroba<\/td>\n<td>YouTube Video cookie<\/td>\n<td>8 mois<\/td>\n<\/tr>\n<tr>\n<td>VISITOR_INFO1_LIVE<\/td>\n<td>.geroba<\/td>\n<td>YouTube Video cookie<\/td>\n<td>8 mois<\/td>\n<\/tr>\n<tr>\n<td>YSC<\/td>\n<td>.geroba<\/td>\n<td>YouTube Video cookie<\/td>\n<td>Session<\/td>\n<\/tr>\n<\/tbody>\n<\/table>\n<h4>Cookies non-fonctionnels:<\/h4>\n<table>\n<tbody>\n<tr>\n<td><strong>Nom<\/strong><\/td>\n<td><strong>Domaine<\/strong><\/td>\n<td><strong>Contenu et Objectif<\/strong><\/td>\n<td><strong>Validit\u00e9<\/strong><\/td>\n<\/tr>\n<tr>\n<td>_ga<\/td>\n<td>.geroba<\/td>\n<td>Google Analytics Tracking cookie<\/td>\n<td>2 ans<\/td>\n<\/tr>\n<tr>\n<td>_gat<\/td>\n<td>.geroba<\/td>\n<td>Google Analytics Tracking cookie<\/td>\n<td>1 minute<\/td>\n<\/tr>\n<tr>\n<td>_gid<\/td>\n<td>.geroba<\/td>\n<td>Google Analytics Tracking cookie<\/td>\n<td>24 heures<\/td>\n<\/tr>\n<tr>\n<td>1P_JAR<\/td>\n<td>.google<\/td>\n<td>Google Tracking cookie<\/td>\n<td>24 heures<\/td>\n<\/tr>\n<tr>\n<td>CONSENT<\/td>\n<td>.google<\/td>\n<td>Google Tracking cookie<\/td>\n<td>3 mois<\/td>\n<\/tr>\n<tr>\n<td>NID<\/td>\n<td>.google<\/td>\n<td>Google Tracking cookie<\/td>\n<td>9 mois<\/td>\n<\/tr>\n<tr>\n<td>fr<\/td>\n<td>.geroba<\/td>\n<td>Facebook tracking cookie<\/td>\n<td>3 mois<\/td>\n<\/tr>\n<tr>\n<td>IDE<\/td>\n<td>.doubleclick<\/td>\n<td>DoubleClick Tracking cookie<\/td>\n<td>9 mois<\/td>\n<\/tr>\n<\/tbody>\n<\/table>\n<p>Vous nous donnez la permission d&#8217;utiliser ces cookies.<\/p>\n<p>Votre navigateur web vous permet cependant de modifier \u00e0 tout moment vos param\u00e8tres de cookies, de modifier les cookies et\/ou d&#8217;\u00e9liminer les cookies pr\u00e9sents. Ces param\u00e8tres se trouvent en g\u00e9n\u00e9ral dans le menu &#8220;Options&#8221; ou &#8220;Pr\u00e9f\u00e9rences&#8221; de votre navigateur web.<\/p>\n<h2>5. Destinataire des donn\u00e9es<\/h2>\n<p>Nous ne partagerons pas ou ne transf\u00e8rerons pas ces donn\u00e9es personnelles \u00e0 des tierces, \u00e0 de tiers pays ou des organisations internationales, sauf si vous nous avez donn\u00e9 au pr\u00e9alable votre accord explicite.<\/p>\n<p>Il est cependant possible que des sous-traitants auxquels nous faisons appel, comme des consultants en informatique, des services cloud ou d&#8217;autres prestataires de services qui nous aident dans la gestion de notre site web et de nos syst\u00e8mes d&#8217;information, et de notre entreprise en g\u00e9n\u00e9ral prennent connaissance de vos donn\u00e9es personnelles. Ce transfert a lieu sous l&#8217;engagement de ne pas divulguer vos donn\u00e9es personnelles et de les traiter en accord avec la l\u00e9gislation pertinente et applicable, avec compr\u00e9hension du R\u00e8glement G\u00e9n\u00e9ral sur la Protection des Donn\u00e9es.<\/p>\n<p>Pour terminer, nous pouvons partager ces donn\u00e9es personnelles \u00e0 la demande de toute autorit\u00e9 juridiquement comp\u00e9tente, ou m\u00eame de notre propre initiative, si nous sommes de bonne foi d&#8217;avis que le transfert de ces donn\u00e9es personnelles est requis afin de respecter une l\u00e9gislation pertinente et applicable, ou afin de d\u00e9fendre ou de prot\u00e9ger nos droits et\/ou ceux de nos clients.<\/p>\n<h2>6. Mesures de s\u00e9curit\u00e9<\/h2>\n<p>En ordre de, dans la mesure du possible, emp\u00eacher l&#8217;acc\u00e8s non autoris\u00e9 aux donn\u00e9es personnelles obtenues dans ce cadre, nous avons \u00e9tabli les mesures appropri\u00e9es en mati\u00e8re de s\u00e9curit\u00e9 et d&#8217;organisation, qui concernent aussi bien la collection de ces donn\u00e9es que leur conservation. Ces proc\u00e9dures sont aussi d&#8217;application pour tous les sous-traitants auxquels le bureau fait appel.<\/p>\n<h2>7. Dur\u00e9e de conservation<\/h2>\n<p>Nous conservons vos donn\u00e9es personnelles durant une dur\u00e9e d&#8217;un an suivant la fin de notre collaboration dans le cadre de la prestation de services. Vous trouvez ci-dessus la dur\u00e9e de conservation des donn\u00e9es personnelles que les cookies rassemblent sur notre site web.<\/p>\n<h2>8. Droits d&#8217;acc\u00e8s, de rectification, d&#8217;oubli, de transferabilit\u00e9 de donn\u00e9es, d&#8217;objection, de non-profilage et concernant l&#8217;avis de manques de s\u00e9curtit\u00e9<\/h2>\n<p>Vous disposez sous certaines conditions d&#8217;un droit de consultation, de rectification, d&#8217;oubli, de transf\u00e9rabilit\u00e9 des donn\u00e9es, d&#8217;objection, de non-profilage et d&#8217;avis de fuites de donn\u00e9es sous l&#8217;application des conditions et modalit\u00e9s d\u00e9termin\u00e9es dans la l\u00e9gislation pertinente et applicable, avec compr\u00e9hension du R\u00e8glement G\u00e9n\u00e9ral sur la Protection des Donn\u00e9es.<\/p>\n<p>Pour l&#8217;application de ces droits, vous pouvez toujours prendre contact avec nous en utilisant l&#8217;adresse mail mentionn\u00e9e ci-dessus.<\/p>\n<h2>9. Plaintes<\/h2>\n<p>Concernant le traitement des donn\u00e9es personnelles par notre bureau, vous pouvez introduire une plainte aupr\u00e8s de l&#8217;Autorit\u00e9 de protection des donn\u00e9es:<\/p>\n<p>Commission pour la protection de la vie priv\u00e9e<br \/>\nRue de la Presse 35, 1000 Bruxelles<br \/>\n<strong>Tel:<\/strong> +32 (0)2 274 48 00<br \/>\n<strong>Fax:<\/strong> +32 (0)2 274 48 35<br \/>\n<strong>E-mail:<\/strong> <a href=\"mailto:commission@privacycommission.be\">commission@privacycommission.be<\/a><br \/>\n<strong>URL:<\/strong> <a href=\"https:\/\/www.privacycommission.be\" target=\"_blank\" rel=\"noopener\">https:\/\/www.privacycommission.be<\/a><\/p>\n<h2>10. Modifications<\/h2>\n<p>Cette d\u00e9claration de confidentialit\u00e9 peut \u00eatre modifi\u00e9e de temps en temps en fonction de la l\u00e9gislation modifi\u00e9e. Nous vous conseillons donc toujours aussi de consulter la version la plus r\u00e9cente sur notre site web.<\/p>\n","protected":false},"excerpt":{"rendered":"<p>1. Introduction Afin de pouvoir offrir notre prestation de services, nous sommes oblig\u00e9s de traiter certaines de vos donn\u00e9es personnelles. Nous nous engageons \u00e0 effectuer ce traitement en accord avec toutes les l\u00e9gislations de confidentialit\u00e9 pertinentes et applicables, avec compr\u00e9hension du R\u00e8glement G\u00e9n\u00e9ral sur la Protection des Donn\u00e9es. Dans cette d\u00e9claration de confidentialit\u00e9, vous trouvez [&hellip;]<\/p>\n","protected":false},"author":1,"featured_media":0,"parent":0,"menu_order":0,"comment_status":"closed","ping_status":"open","template":"","meta":{"_acf_changed":false,"footnotes":""},"class_list":["post-9866","page","type-page","status-publish","hentry"],"acf":[],"_links":{"self":[{"href":"https:\/\/geroba.be\/fr\/wp-json\/wp\/v2\/pages\/9866","targetHints":{"allow":["GET"]}}],"collection":[{"href":"https:\/\/geroba.be\/fr\/wp-json\/wp\/v2\/pages"}],"about":[{"href":"https:\/\/geroba.be\/fr\/wp-json\/wp\/v2\/types\/page"}],"author":[{"embeddable":true,"href":"https:\/\/geroba.be\/fr\/wp-json\/wp\/v2\/users\/1"}],"replies":[{"embeddable":true,"href":"https:\/\/geroba.be\/fr\/wp-json\/wp\/v2\/comments?post=9866"}],"version-history":[{"count":0,"href":"https:\/\/geroba.be\/fr\/wp-json\/wp\/v2\/pages\/9866\/revisions"}],"wp:attachment":[{"href":"https:\/\/geroba.be\/fr\/wp-json\/wp\/v2\/media?parent=9866"}],"curies":[{"name":"wp","href":"https:\/\/api.w.org\/{rel}","templated":true}]}}